{"id":22,"date":"2016-01-01T11:18:23","date_gmt":"2016-01-01T09:18:23","guid":{"rendered":"http:\/\/www.palamuse.edu.ee\/web3\/?page_id=22"},"modified":"2025-12-19T15:42:42","modified_gmt":"2025-12-19T13:42:42","slug":"tutvustus","status":"publish","type":"page","link":"https:\/\/www.palamuse.edu.ee\/web3\/tutvustus\/","title":{"rendered":"Tutvustus"},"content":{"rendered":"<p>Koolitarkuse jagamise ajalugu Palamusel ulatub 17. sajandisse ja selle taset on l\u00e4bi aegade k\u00f5rgel hoitud.<\/p>\n<p>Oskar Lutsu Palamuse P\u00f5hikool asub J\u00f5geva maakonna<span style=\"color: #000000;\">s\u00a0<a style=\"color: #000000;\" href=\"http:\/\/www.j\u00f5geva.ee\/\">J\u00f5geva vallas<\/a>,<br \/>\n<\/span>40 km Tartust ja 18 km J\u00f5gevalt. Koolis \u00f5pib <b>193 <\/b>\u00f5pilast ja t\u00f6\u00f6tab \u00a0<strong>25<\/strong>\u00a0\u00f5petajat (01.09.2025).<\/p>\n<p>1687 Alustas t\u00f6\u00f6d Palamuse K\u00f6strikool 15 poisslapsega.<br \/>\n1734 Ehitati koolihoone.<br \/>\n1824 Avati Palamuse Kihelkonnakool.<br \/>\n1853 Hakati kooli vastu v\u00f5tma t\u00fctarlapsi.<br \/>\n1873 Valmis uus koolimaja, milles asub praegu Palamuse Kihelkonnakoolmuuseum.<br \/>\n1938 Avati uus koolimaja, kus 2018ni t\u00f6\u00f6tas Palamuse lasteaed ja praegu t\u00f6\u00f6tab Palamuse laulustuudio<br \/>\n1956 Kool muudeti keskkooliks<br \/>\n1975 Avati uus koolimaja, kus toimub t\u00e4naseni \u00f5ppet\u00f6\u00f6. Koolile anti Oskar Lutsu nimi.<br \/>\n1998 Kool nimetati \u00fcmber Oskar Lutsu Palamuse G\u00fcmnaasiumiks.<br \/>\n1999 Valmis uus \u00f5ppekorpus.<br \/>\n2010 Valmis kooli juurdeehitus ning kogu hoone renoveeriti.<br \/>\n2023 Septembris kool reorganiseeritakse p\u00f5hikooliks, kooli uus nimetus Oskar Lutsu Palamuse P\u00f5hikool<\/p>\n<p>Artikleid \u00a0kooli ajaloost:<br \/>\n<em><img loading=\"lazy\" class=\"alignnone size-full wp-image-307\" src=\"https:\/\/www.palamuse.edu.ee\/web3\/wp-content\/uploads\/ico_kolmnurk_must.gif\" alt=\"ico_kolmnurk_must\" width=\"8\" height=\"8\" \/>\u00a0T. Luige [ddownload id=&#8221;372&#8243; text=&#8221;Palamuse kooli ajalugu kuni 1930-ndate aastateni&#8221;]\u00a0(. pdf, avaldatud &#8220;Palamuse kooli aastap\u00e4evaraamat 2007&#8221;)<\/em><br \/>\n<em><img loading=\"lazy\" class=\"alignnone size-full wp-image-307\" src=\"https:\/\/www.palamuse.edu.ee\/web3\/wp-content\/uploads\/ico_kolmnurk_must.gif\" alt=\"ico_kolmnurk_must\" width=\"8\" height=\"8\" \/>\u00a0E. Merusk [ddownload id=&#8221;373&#8243; text=&#8221;Palamuse kooli lugu&#8221;] (. pdf, avaldatud &#8220;Palamuse kooli aastap\u00e4evaraamat 2012&#8221;)<\/em><\/p>\n<p>Oskar Lutsust ja Kevadest:<br \/>\n<em><img loading=\"lazy\" class=\"alignnone size-full wp-image-307\" src=\"https:\/\/www.palamuse.edu.ee\/web3\/wp-content\/uploads\/ico_kolmnurk_must.gif\" alt=\"ico_kolmnurk_must\" width=\"8\" height=\"8\" \/>\u00a0[ddownload id=&#8221;370&#8243; text=&#8221;Oskar Luts&#8221;]<\/em><em>\u00a0(.pdf, koostanud E. Merusk)<br \/>\n<img loading=\"lazy\" class=\"alignnone size-full wp-image-307\" src=\"https:\/\/www.palamuse.edu.ee\/web3\/wp-content\/uploads\/ico_kolmnurk_must.gif\" alt=\"ico_kolmnurk_must\" width=\"8\" height=\"8\" \/>\u00a0 [ddownload id=&#8221;371&#8243; text=&#8221;Oskar Luts ja Kevade&#8221;]\u00a0(.pdf, koostanud E. Merusk)<br \/>\n<\/em><br \/>\n\u00d5ppet\u00f6\u00f6 korraldamises valitseb traditsiooniline klassi\u00f5petuse s\u00fcsteem.<\/p>\n<p><a href=\"https:\/\/www.palamuse.edu.ee\/web3\/ulevaade-palamuse-kooli-arengust-perioodil-2020-2025\/\">\u00dclevaade perioodist 2020-2025<\/a>.<\/p>\n<p><img loading=\"lazy\" class=\"alignnone size-full wp-image-331\" src=\"https:\/\/www.palamuse.edu.ee\/web3\/wp-content\/uploads\/pilt_muuseum-mv.jpg\" alt=\"pilt_muuseum-mv\" width=\"201\" height=\"123\" \/><img loading=\"lazy\" class=\"alignnone size-full wp-image-330\" src=\"https:\/\/www.palamuse.edu.ee\/web3\/wp-content\/uploads\/pilt_lasteaed-mv.jpg\" alt=\"pilt_lasteaed-mv\" width=\"201\" height=\"123\" \/><img loading=\"lazy\" class=\"alignnone size-full wp-image-329\" src=\"https:\/\/www.palamuse.edu.ee\/web3\/wp-content\/uploads\/pilt_kool-mv.jpg\" alt=\"pilt_kool-mv\" width=\"201\" height=\"123\" \/><\/p>\n","protected":false},"excerpt":{"rendered":"<p>Koolitarkuse jagamise ajalugu Palamusel ulatub 17. sajandisse ja selle taset on l\u00e4bi aegade k\u00f5rgel hoitud. Oskar Lutsu Palamuse P\u00f5hikool asub J\u00f5geva maakonnas\u00a0J\u00f5geva vallas, 40 km Tartust ja 18 km J\u00f5gevalt. Koolis \u00f5pib 193 \u00f5pilast ja t\u00f6\u00f6tab \u00a025\u00a0\u00f5petajat (01.09.2025). 1687 Alustas t\u00f6\u00f6d Palamuse K\u00f6strikool 15 poisslapsega. 1734 Ehitati koolihoone. 1824 Avati Palamuse Kihelkonnakool. 1853 Hakati kooli &hellip; <\/p>\n<p><a class=\"more-link btn\" href=\"https:\/\/www.palamuse.edu.ee\/web3\/tutvustus\/\">J\u00e4tka lugemist<\/a><\/p>\n","protected":false},"author":2,"featured_media":0,"parent":0,"menu_order":0,"comment_status":"closed","ping_status":"closed","template":"","meta":[],"_links":{"self":[{"href":"https:\/\/www.palamuse.edu.ee\/web3\/wp-json\/wp\/v2\/pages\/22"}],"collection":[{"href":"https:\/\/www.palamuse.edu.ee\/web3\/wp-json\/wp\/v2\/pages"}],"about":[{"href":"https:\/\/www.palamuse.edu.ee\/web3\/wp-json\/wp\/v2\/types\/page"}],"author":[{"embeddable":true,"href":"https:\/\/www.palamuse.edu.ee\/web3\/wp-json\/wp\/v2\/users\/2"}],"replies":[{"embeddable":true,"href":"https:\/\/www.palamuse.edu.ee\/web3\/wp-json\/wp\/v2\/comments?post=22"}],"version-history":[{"count":5,"href":"https:\/\/www.palamuse.edu.ee\/web3\/wp-json\/wp\/v2\/pages\/22\/revisions"}],"predecessor-version":[{"id":8464,"href":"https:\/\/www.palamuse.edu.ee\/web3\/wp-json\/wp\/v2\/pages\/22\/revisions\/8464"}],"wp:attachment":[{"href":"https:\/\/www.palamuse.edu.ee\/web3\/wp-json\/wp\/v2\/media?parent=22"}],"curies":[{"name":"wp","href":"https:\/\/api.w.org\/{rel}","templated":true}]}}